{"id":40,"date":"2025-03-15T14:47:30","date_gmt":"2025-03-15T13:47:30","guid":{"rendered":"https:\/\/192.168.178.12\/?page_id=40"},"modified":"2025-05-14T19:13:44","modified_gmt":"2025-05-14T18:13:44","slug":"ueber-mich","status":"publish","type":"page","link":"https:\/\/bluetenklang.de\/?page_id=40","title":{"rendered":"\u00dcber mich"},"content":{"rendered":"\t\t<div data-elementor-type=\"wp-page\" data-elementor-id=\"40\" class=\"elementor elementor-40\">\n\t\t\t\t<div class=\"elementor-element elementor-element-33044ec e-flex e-con-boxed e-con e-parent\" data-id=\"33044ec\" data-element_type=\"container\" data-e-type=\"container\">\n\t\t\t\t\t<div class=\"e-con-inner\">\n\t\t\t\t<div class=\"elementor-element elementor-element-dcd16ff elementor-widget elementor-widget-text-editor\" data-id=\"dcd16ff\" data-element_type=\"widget\" data-e-type=\"widget\" data-widget_type=\"text-editor.default\">\n\t\t\t\t<div class=\"elementor-widget-container\">\n\t\t\t\t\t\t\t\t\t<p>Es ist inzwischen \u00fcber 10 Jahre her, als ich meine ersten Erfahrungen mit Bachbl\u00fcten gemacht habe. Seitdem sind sie mein stetiger Begleiter.<\/p><p>Meine Heilpraktikerin hat mich wunderbar an die Bachbl\u00fcten herangef\u00fchrt. Ich habe mit ihrer Unterst\u00fctzung gelernt ein Gef\u00fchl daf\u00fcr zu entwickeln, wann mir welche Bl\u00fcte guttut. Daneben habe ich mir viel Wissen zu Bachbl\u00fcten angeeignet.<\/p><p>Letztlich wollte ich meine Erfahrungen und das selbst angeeignete Wissen so professionalisieren, dass ich anderen die wertvollen Bachbl\u00fcten n\u00e4herbringen darf. So kam es dazu, dass ich eine Ausbildung zur Bachbl\u00fctenberaterin \u00fcber die <a href=\"http:\/\/www.isolde-richter.de\">Naturheilschule Richter<\/a> absolviert habe.\u00a0<\/p><p>Nun darf ich mein Steckenpferd auf Beratungsebene anwenden und anderen damit Gutes tun.<\/p>\t\t\t\t\t\t\t\t<\/div>\n\t\t\t\t<\/div>\n\t\t\t\t\t<\/div>\n\t\t\t\t<\/div>\n\t\t<div class=\"elementor-element elementor-element-e330a40 e-flex e-con-boxed e-con e-parent\" data-id=\"e330a40\" data-element_type=\"container\" data-e-type=\"container\">\n\t\t\t\t\t<div class=\"e-con-inner\">\n\t\t\t\t<div class=\"elementor-element elementor-element-e73c11f elementor-widget elementor-widget-image\" data-id=\"e73c11f\" data-element_type=\"widget\" data-e-type=\"widget\" data-widget_type=\"image.default\">\n\t\t\t\t<div class=\"elementor-widget-container\">\n\t\t\t\t\t\t\t\t\t\t\t\t<figure class=\"wp-caption\">\n\t\t\t\t\t\t\t\t\t\t<img decoding=\"async\" src=\"https:\/\/bluetenklang.de\/wp-content\/uploads\/elementor\/thumbs\/yellow-juggler-flower-5586803-scaled-r2wj4z6jmasdzt0ghas0vzlqn7y3rd53oewka794kk.jpg\" title=\"yellow-juggler-flower-5586803\" alt=\"Mimulus - gefleckte Gauklerblume\" loading=\"lazy\" \/>\t\t\t\t\t\t\t\t\t\t\t<figcaption class=\"widget-image-caption wp-caption-text\">Nr. 20 Mimulus (Quelle: Nennieinszweidrei, pixaby.com)<\/figcaption>\n\t\t\t\t\t\t\t\t\t\t<\/figure>\n\t\t\t\t\t\t\t\t\t<\/div>\n\t\t\t\t<\/div>\n\t\t\t\t\t<\/div>\n\t\t\t\t<\/div>\n\t\t<div class=\"elementor-element elementor-element-e1a6e12 e-flex e-con-boxed e-con e-parent\" data-id=\"e1a6e12\" data-element_type=\"container\" data-e-type=\"container\">\n\t\t\t\t\t<div class=\"e-con-inner\">\n\t\t\t\t<div class=\"elementor-element elementor-element-165ecd8 elementor-widget elementor-widget-text-editor\" data-id=\"165ecd8\" data-element_type=\"widget\" data-e-type=\"widget\" data-widget_type=\"text-editor.default\">\n\t\t\t\t<div class=\"elementor-widget-container\">\n\t\t\t\t\t\t\t\t\t<p>Mein Fokus lege ich bei der Bachbl\u00fctenberatung auf Tiere, weil es meines Erachtens zu wenig Angebote mit alternativ medizinischen Ans\u00e4tzen f\u00fcr unsere Fellnasen gibt, die sie insbesondere in Bereichen von Angst, Anspannung und bei traumatischen Erfahrungen unterst\u00fctzen k\u00f6nnen. F\u00fcr die Anwendungsm\u00f6glichkeiten bei Tieren habe ich erg\u00e4nzend ein Seminar \u201eBachbl\u00fcten f\u00fcr Tiere\u201c besucht.<\/p><p>Meine Beratungen biete ich v.a. deshalb telefonisch an, weil ich nebenberuflich keine Praxisr\u00e4ume zur Verf\u00fcgung habe, im privaten Raum auf das angeschlagene Immunsystem unserer Katzen achten muss und auch denen die M\u00f6glichkeit meiner Beratung er\u00f6ffnen m\u00f6chte, die mobilit\u00e4tseingeschr\u00e4nkt sind oder schlicht nicht in der N\u00e4he wohnen. F\u00fcr meine Kundinnen und Kunden ist die telefonische Beratung dadurch zeitsparender.\u00a0<\/p>\t\t\t\t\t\t\t\t<\/div>\n\t\t\t\t<\/div>\n\t\t\t\t\t<\/div>\n\t\t\t\t<\/div>\n\t\t<div class=\"elementor-element elementor-element-7755890 e-flex e-con-boxed e-con e-parent\" data-id=\"7755890\" data-element_type=\"container\" data-e-type=\"container\">\n\t\t\t\t\t<div class=\"e-con-inner\">\n\t\t\t\t<div class=\"elementor-element elementor-element-4bc96d6 elementor-widget elementor-widget-image\" data-id=\"4bc96d6\" data-element_type=\"widget\" data-e-type=\"widget\" data-widget_type=\"image.default\">\n\t\t\t\t<div class=\"elementor-widget-container\">\n\t\t\t\t\t\t\t\t\t\t\t\t<figure class=\"wp-caption\">\n\t\t\t\t\t\t\t\t\t\t<img fetchpriority=\"high\" decoding=\"async\" width=\"1024\" height=\"468\" src=\"https:\/\/bluetenklang.de\/wp-content\/uploads\/2025\/04\/Klangschalen-1024x468.jpg\" class=\"attachment-large size-large wp-image-452\" alt=\"Foto verschiedener Klangschalen\" srcset=\"https:\/\/bluetenklang.de\/wp-content\/uploads\/2025\/04\/Klangschalen-1024x468.jpg 1024w, https:\/\/bluetenklang.de\/wp-content\/uploads\/2025\/04\/Klangschalen-300x137.jpg 300w, https:\/\/bluetenklang.de\/wp-content\/uploads\/2025\/04\/Klangschalen-768x351.jpg 768w, https:\/\/bluetenklang.de\/wp-content\/uploads\/2025\/04\/Klangschalen-1536x701.jpg 1536w, https:\/\/bluetenklang.de\/wp-content\/uploads\/2025\/04\/Klangschalen-2048x935.jpg 2048w\" sizes=\"(max-width: 1024px) 100vw, 1024px\" \/>\t\t\t\t\t\t\t\t\t\t\t<figcaption class=\"widget-image-caption wp-caption-text\">Foto verschiedener Klangschalen<\/figcaption>\n\t\t\t\t\t\t\t\t\t\t<\/figure>\n\t\t\t\t\t\t\t\t\t<\/div>\n\t\t\t\t<\/div>\n\t\t\t\t\t<\/div>\n\t\t\t\t<\/div>\n\t\t<div class=\"elementor-element elementor-element-21ac3d2 e-flex e-con-boxed e-con e-parent\" data-id=\"21ac3d2\" data-element_type=\"container\" data-e-type=\"container\">\n\t\t\t\t\t<div class=\"e-con-inner\">\n\t\t\t\t<div class=\"elementor-element elementor-element-df7fafc elementor-widget elementor-widget-text-editor\" data-id=\"df7fafc\" data-element_type=\"widget\" data-e-type=\"widget\" data-widget_type=\"text-editor.default\">\n\t\t\t\t<div class=\"elementor-widget-container\">\n\t\t\t\t\t\t\t\t\t<p>Zur Klangentspannung bin ich \u00e4hnlich gekommen. Die sanften T\u00f6ne der Klangschalen faszinieren mich. So habe ich mich mit ihnen besch\u00e4ftigt, mir eine Klangmassage geben lassen. Dann verging ein bisschen Zeit bis ich den Entschluss gefasst habe, mich auch hier weiterzubilden. Es war eigentlich ein Zufall, als ich auf das <a href=\"http:\/\/www.bluetenberatung.de\/klangschalen-fernstudium\">Fernausbildungsangebot \u201eKlangschalen Massage, Meditation und Entspannung\u201c<\/a> von Fr. Lahner gesto\u00dfen bin \u2013 f\u00fcr mich bot diese M\u00f6glichkeit die perfekten Rahmenbedingungen. Seminare, bei denen in Gruppen \u00fcber mehrere Stunden mit Klangschalen praktiziert wird, sind mir schlicht zu intensiv.<\/p><p>Als ich f\u00fcr die Pr\u00fcfung anfing Meditationen aufzusprechen, hat mir das nicht nur Freude bereitet, sondern hat mich fast mehr entspannt als bei einer gef\u00fchrten Meditation zuzuh\u00f6ren. Da mir schon h\u00e4ufig gesagt wurde, dass ich eine angenehme Stimme habe, machte es in diesem Moment \u201eklick\u201c: Ich m\u00f6chte Meditationen und Co. aufnehmen und damit anderen Menschen Momente der Entspannung schenken, die sie sich ganz nach ihren Bed\u00fcrfnissen und flexibel nehmen k\u00f6nnen; Klangmassagen m\u00f6chte ich vorerst nur im privaten Umfeld geben.<\/p>\t\t\t\t\t\t\t\t<\/div>\n\t\t\t\t<\/div>\n\t\t\t\t\t<\/div>\n\t\t\t\t<\/div>\n\t\t\t\t<\/div>\n\t\t","protected":false},"excerpt":{"rendered":"<p>Es ist inzwischen \u00fcber 10 Jahre her, als ich meine ersten Erfahrungen mit Bachbl\u00fcten gemacht habe. Seitdem sind sie mein stetiger Begleiter. Meine Heilpraktikerin hat mich wunderbar an die Bachbl\u00fcten herangef\u00fchrt. Ich habe mit ihrer Unterst\u00fctzung gelernt ein Gef\u00fchl daf\u00fcr zu entwickeln, wann mir welche Bl\u00fcte guttut. Daneben habe ich mir viel Wissen zu Bachbl\u00fcten [&hellip;]<\/p>\n","protected":false},"author":1,"featured_media":0,"parent":0,"menu_order":0,"comment_status":"closed","ping_status":"closed","template":"","meta":{"ocean_post_layout":"","ocean_both_sidebars_style":"","ocean_both_sidebars_content_width":0,"ocean_both_sidebars_sidebars_width":0,"ocean_sidebar":"","ocean_second_sidebar":"","ocean_disable_margins":"enable","ocean_add_body_class":"","ocean_shortcode_before_top_bar":"","ocean_shortcode_after_top_bar":"","ocean_shortcode_before_header":"","ocean_shortcode_after_header":"","ocean_has_shortcode":"","ocean_shortcode_after_title":"","ocean_shortcode_before_footer_widgets":"","ocean_shortcode_after_footer_widgets":"","ocean_shortcode_before_footer_bottom":"","ocean_shortcode_after_footer_bottom":"","ocean_display_top_bar":"default","ocean_display_header":"default","ocean_header_style":"","ocean_center_header_left_menu":"","ocean_custom_header_template":"","ocean_custom_logo":0,"ocean_custom_retina_logo":0,"ocean_custom_logo_max_width":0,"ocean_custom_logo_tablet_max_width":0,"ocean_custom_logo_mobile_max_width":0,"ocean_custom_logo_max_height":0,"ocean_custom_logo_tablet_max_height":0,"ocean_custom_logo_mobile_max_height":0,"ocean_header_custom_menu":"","ocean_menu_typo_font_family":"","ocean_menu_typo_font_subset":"","ocean_menu_typo_font_size":0,"ocean_menu_typo_font_size_tablet":0,"ocean_menu_typo_font_size_mobile":0,"ocean_menu_typo_font_size_unit":"px","ocean_menu_typo_font_weight":"","ocean_menu_typo_font_weight_tablet":"","ocean_menu_typo_font_weight_mobile":"","ocean_menu_typo_transform":"","ocean_menu_typo_transform_tablet":"","ocean_menu_typo_transform_mobile":"","ocean_menu_typo_line_height":0,"ocean_menu_typo_line_height_tablet":0,"ocean_menu_typo_line_height_mobile":0,"ocean_menu_typo_line_height_unit":"","ocean_menu_typo_spacing":0,"ocean_menu_typo_spacing_tablet":0,"ocean_menu_typo_spacing_mobile":0,"ocean_menu_typo_spacing_unit":"","ocean_menu_link_color":"","ocean_menu_link_color_hover":"","ocean_menu_link_color_active":"","ocean_menu_link_background":"","ocean_menu_link_hover_background":"","ocean_menu_link_active_background":"","ocean_menu_social_links_bg":"","ocean_menu_social_hover_links_bg":"","ocean_menu_social_links_color":"","ocean_menu_social_hover_links_color":"","ocean_disable_title":"default","ocean_disable_heading":"default","ocean_post_title":"","ocean_post_subheading":"","ocean_post_title_style":"","ocean_post_title_background_color":"","ocean_post_title_background":0,"ocean_post_title_bg_image_position":"","ocean_post_title_bg_image_attachment":"","ocean_post_title_bg_image_repeat":"","ocean_post_title_bg_image_size":"","ocean_post_title_height":0,"ocean_post_title_bg_overlay":0.5,"ocean_post_title_bg_overlay_color":"","ocean_disable_breadcrumbs":"default","ocean_breadcrumbs_color":"","ocean_breadcrumbs_separator_color":"","ocean_breadcrumbs_links_color":"","ocean_breadcrumbs_links_hover_color":"","ocean_display_footer_widgets":"default","ocean_display_footer_bottom":"default","ocean_custom_footer_template":"","footnotes":""},"class_list":["post-40","page","type-page","status-publish","hentry","entry"],"yoast_head":"<!-- This site is optimized with the Yoast SEO plugin v27.5 - https:\/\/yoast.com\/product\/yoast-seo-wordpress\/ -->\n<title>\u00dcber mich - Bl\u00fctenKlang<\/title>\n<meta name=\"robots\" content=\"index, follow, max-snippet:-1, max-image-preview:large, max-video-preview:-1\" \/>\n<link rel=\"canonical\" href=\"https:\/\/bluetenklang.de\/?page_id=40\" \/>\n<meta property=\"og:locale\" content=\"de_DE\" \/>\n<meta property=\"og:type\" content=\"article\" \/>\n<meta property=\"og:title\" content=\"\u00dcber mich - Bl\u00fctenKlang\" \/>\n<meta property=\"og:description\" content=\"Es ist inzwischen \u00fcber 10 Jahre her, als ich meine ersten Erfahrungen mit Bachbl\u00fcten gemacht habe. Seitdem sind sie mein stetiger Begleiter. Meine Heilpraktikerin hat mich wunderbar an die Bachbl\u00fcten herangef\u00fchrt. Ich habe mit ihrer Unterst\u00fctzung gelernt ein Gef\u00fchl daf\u00fcr zu entwickeln, wann mir welche Bl\u00fcte guttut. Daneben habe ich mir viel Wissen zu Bachbl\u00fcten [&hellip;]\" \/>\n<meta property=\"og:url\" content=\"https:\/\/bluetenklang.de\/?page_id=40\" \/>\n<meta property=\"og:site_name\" content=\"Bl\u00fctenKlang\" \/>\n<meta property=\"article:modified_time\" content=\"2025-05-14T18:13:44+00:00\" \/>\n<meta property=\"og:image\" content=\"https:\/\/bluetenklang.de\/wp-content\/uploads\/elementor\/thumbs\/yellow-juggler-flower-5586803-scaled-r2wj4z6jmasdzt0ghas0vzlqn7y3rd53oewka794ku.jpg\" \/>\n<meta name=\"twitter:card\" content=\"summary_large_image\" \/>\n<meta name=\"twitter:label1\" content=\"Gesch\u00e4tzte Lesezeit\" \/>\n\t<meta name=\"twitter:data1\" content=\"3\u00a0Minuten\" \/>\n<script type=\"application\/ld+json\" class=\"yoast-schema-graph\">{\"@context\":\"https:\\\/\\\/schema.org\",\"@graph\":[{\"@type\":\"WebPage\",\"@id\":\"https:\\\/\\\/bluetenklang.de\\\/?page_id=40\",\"url\":\"https:\\\/\\\/bluetenklang.de\\\/?page_id=40\",\"name\":\"\u00dcber mich - Bl\u00fctenKlang\",\"isPartOf\":{\"@id\":\"https:\\\/\\\/bluetenklang.de\\\/#website\"},\"primaryImageOfPage\":{\"@id\":\"https:\\\/\\\/bluetenklang.de\\\/?page_id=40#primaryimage\"},\"image\":{\"@id\":\"https:\\\/\\\/bluetenklang.de\\\/?page_id=40#primaryimage\"},\"thumbnailUrl\":\"https:\\\/\\\/bluetenklang.de\\\/wp-content\\\/uploads\\\/elementor\\\/thumbs\\\/yellow-juggler-flower-5586803-scaled-r2wj4z6jmasdzt0ghas0vzlqn7y3rd53oewka794ku.jpg\",\"datePublished\":\"2025-03-15T13:47:30+00:00\",\"dateModified\":\"2025-05-14T18:13:44+00:00\",\"breadcrumb\":{\"@id\":\"https:\\\/\\\/bluetenklang.de\\\/?page_id=40#breadcrumb\"},\"inLanguage\":\"de\",\"potentialAction\":[{\"@type\":\"ReadAction\",\"target\":[\"https:\\\/\\\/bluetenklang.de\\\/?page_id=40\"]}]},{\"@type\":\"ImageObject\",\"inLanguage\":\"de\",\"@id\":\"https:\\\/\\\/bluetenklang.de\\\/?page_id=40#primaryimage\",\"url\":\"https:\\\/\\\/bluetenklang.de\\\/wp-content\\\/uploads\\\/elementor\\\/thumbs\\\/yellow-juggler-flower-5586803-scaled-r2wj4z6jmasdzt0ghas0vzlqn7y3rd53oewka794ku.jpg\",\"contentUrl\":\"https:\\\/\\\/bluetenklang.de\\\/wp-content\\\/uploads\\\/elementor\\\/thumbs\\\/yellow-juggler-flower-5586803-scaled-r2wj4z6jmasdzt0ghas0vzlqn7y3rd53oewka794ku.jpg\"},{\"@type\":\"BreadcrumbList\",\"@id\":\"https:\\\/\\\/bluetenklang.de\\\/?page_id=40#breadcrumb\",\"itemListElement\":[{\"@type\":\"ListItem\",\"position\":1,\"name\":\"Startseite\",\"item\":\"https:\\\/\\\/bluetenklang.de\\\/\"},{\"@type\":\"ListItem\",\"position\":2,\"name\":\"\u00dcber mich\"}]},{\"@type\":\"WebSite\",\"@id\":\"https:\\\/\\\/bluetenklang.de\\\/#website\",\"url\":\"https:\\\/\\\/bluetenklang.de\\\/\",\"name\":\"Bl\u00fctenKlang\",\"description\":\"\",\"potentialAction\":[{\"@type\":\"SearchAction\",\"target\":{\"@type\":\"EntryPoint\",\"urlTemplate\":\"https:\\\/\\\/bluetenklang.de\\\/?s={search_term_string}\"},\"query-input\":{\"@type\":\"PropertyValueSpecification\",\"valueRequired\":true,\"valueName\":\"search_term_string\"}}],\"inLanguage\":\"de\"}]}<\/script>\n<!-- \/ Yoast SEO plugin. -->","yoast_head_json":{"title":"\u00dcber mich - Bl\u00fctenKlang","robots":{"index":"index","follow":"follow","max-snippet":"max-snippet:-1","max-image-preview":"max-image-preview:large","max-video-preview":"max-video-preview:-1"},"canonical":"https:\/\/bluetenklang.de\/?page_id=40","og_locale":"de_DE","og_type":"article","og_title":"\u00dcber mich - Bl\u00fctenKlang","og_description":"Es ist inzwischen \u00fcber 10 Jahre her, als ich meine ersten Erfahrungen mit Bachbl\u00fcten gemacht habe. Seitdem sind sie mein stetiger Begleiter. Meine Heilpraktikerin hat mich wunderbar an die Bachbl\u00fcten herangef\u00fchrt. Ich habe mit ihrer Unterst\u00fctzung gelernt ein Gef\u00fchl daf\u00fcr zu entwickeln, wann mir welche Bl\u00fcte guttut. Daneben habe ich mir viel Wissen zu Bachbl\u00fcten [&hellip;]","og_url":"https:\/\/bluetenklang.de\/?page_id=40","og_site_name":"Bl\u00fctenKlang","article_modified_time":"2025-05-14T18:13:44+00:00","og_image":[{"url":"https:\/\/bluetenklang.de\/wp-content\/uploads\/elementor\/thumbs\/yellow-juggler-flower-5586803-scaled-r2wj4z6jmasdzt0ghas0vzlqn7y3rd53oewka794ku.jpg","type":"","width":"","height":""}],"twitter_card":"summary_large_image","twitter_misc":{"Gesch\u00e4tzte Lesezeit":"3\u00a0Minuten"},"schema":{"@context":"https:\/\/schema.org","@graph":[{"@type":"WebPage","@id":"https:\/\/bluetenklang.de\/?page_id=40","url":"https:\/\/bluetenklang.de\/?page_id=40","name":"\u00dcber mich - Bl\u00fctenKlang","isPartOf":{"@id":"https:\/\/bluetenklang.de\/#website"},"primaryImageOfPage":{"@id":"https:\/\/bluetenklang.de\/?page_id=40#primaryimage"},"image":{"@id":"https:\/\/bluetenklang.de\/?page_id=40#primaryimage"},"thumbnailUrl":"https:\/\/bluetenklang.de\/wp-content\/uploads\/elementor\/thumbs\/yellow-juggler-flower-5586803-scaled-r2wj4z6jmasdzt0ghas0vzlqn7y3rd53oewka794ku.jpg","datePublished":"2025-03-15T13:47:30+00:00","dateModified":"2025-05-14T18:13:44+00:00","breadcrumb":{"@id":"https:\/\/bluetenklang.de\/?page_id=40#breadcrumb"},"inLanguage":"de","potentialAction":[{"@type":"ReadAction","target":["https:\/\/bluetenklang.de\/?page_id=40"]}]},{"@type":"ImageObject","inLanguage":"de","@id":"https:\/\/bluetenklang.de\/?page_id=40#primaryimage","url":"https:\/\/bluetenklang.de\/wp-content\/uploads\/elementor\/thumbs\/yellow-juggler-flower-5586803-scaled-r2wj4z6jmasdzt0ghas0vzlqn7y3rd53oewka794ku.jpg","contentUrl":"https:\/\/bluetenklang.de\/wp-content\/uploads\/elementor\/thumbs\/yellow-juggler-flower-5586803-scaled-r2wj4z6jmasdzt0ghas0vzlqn7y3rd53oewka794ku.jpg"},{"@type":"BreadcrumbList","@id":"https:\/\/bluetenklang.de\/?page_id=40#breadcrumb","itemListElement":[{"@type":"ListItem","position":1,"name":"Startseite","item":"https:\/\/bluetenklang.de\/"},{"@type":"ListItem","position":2,"name":"\u00dcber mich"}]},{"@type":"WebSite","@id":"https:\/\/bluetenklang.de\/#website","url":"https:\/\/bluetenklang.de\/","name":"Bl\u00fctenKlang","description":"","potentialAction":[{"@type":"SearchAction","target":{"@type":"EntryPoint","urlTemplate":"https:\/\/bluetenklang.de\/?s={search_term_string}"},"query-input":{"@type":"PropertyValueSpecification","valueRequired":true,"valueName":"search_term_string"}}],"inLanguage":"de"}]}},"_links":{"self":[{"href":"https:\/\/bluetenklang.de\/index.php?rest_route=\/wp\/v2\/pages\/40","targetHints":{"allow":["GET"]}}],"collection":[{"href":"https:\/\/bluetenklang.de\/index.php?rest_route=\/wp\/v2\/pages"}],"about":[{"href":"https:\/\/bluetenklang.de\/index.php?rest_route=\/wp\/v2\/types\/page"}],"author":[{"embeddable":true,"href":"https:\/\/bluetenklang.de\/index.php?rest_route=\/wp\/v2\/users\/1"}],"replies":[{"embeddable":true,"href":"https:\/\/bluetenklang.de\/index.php?rest_route=%2Fwp%2Fv2%2Fcomments&post=40"}],"version-history":[{"count":38,"href":"https:\/\/bluetenklang.de\/index.php?rest_route=\/wp\/v2\/pages\/40\/revisions"}],"predecessor-version":[{"id":856,"href":"https:\/\/bluetenklang.de\/index.php?rest_route=\/wp\/v2\/pages\/40\/revisions\/856"}],"wp:attachment":[{"href":"https:\/\/bluetenklang.de\/index.php?rest_route=%2Fwp%2Fv2%2Fmedia&parent=40"}],"curies":[{"name":"wp","href":"https:\/\/api.w.org\/{rel}","templated":true}]}}