{"id":457,"date":"2025-04-18T13:49:28","date_gmt":"2025-04-18T12:49:28","guid":{"rendered":"https:\/\/bluetenklang.de\/?page_id=457"},"modified":"2025-05-15T18:10:11","modified_gmt":"2025-05-15T17:10:11","slug":"klangschalen-info","status":"publish","type":"page","link":"https:\/\/bluetenklang.de\/?page_id=457","title":{"rendered":"Klangschalen &#8211; Info"},"content":{"rendered":"\t\t<div data-elementor-type=\"wp-page\" data-elementor-id=\"457\" class=\"elementor elementor-457\">\n\t\t\t\t<div class=\"elementor-element elementor-element-beb829c e-flex e-con-boxed e-con e-parent\" data-id=\"beb829c\" data-element_type=\"container\" data-e-type=\"container\">\n\t\t\t\t\t<div class=\"e-con-inner\">\n\t\t\t\t<div class=\"elementor-element elementor-element-7c8c76a elementor-widget elementor-widget-text-editor\" data-id=\"7c8c76a\" data-element_type=\"widget\" data-e-type=\"widget\" data-widget_type=\"text-editor.default\">\n\t\t\t\t<div class=\"elementor-widget-container\">\n\t\t\t\t\t\t\t\t\t<p>Klangschalen stammen aus dem fernen Osten und sind dort schon seit tausenden von Jahren bekannt. Ihre genaue Herkunft und deren urspr\u00fcngliche Verwendung ist unklar. Ziemlich gesichert \u00fcberliefert ist, dass sie als Signalgeber und auch als Vorratsgef\u00e4\u00dfe verwendet wurden. M\u00f6nche verwendeten einfachere Metallschalen als Essgeschirr.<\/p><p>Wie genau es dazu kam, dass sie als Musikinstrumente verwendet wurden und wichtiger Bestandteil von Klangzeremonien wurden, ist nicht genau \u00fcberliefert.<\/p><p>In Indien wurde den Kl\u00e4ngen der tibetischen Klangschalen schon fr\u00fch eine heilende Wirkung zugesprochen. In Zeiten der Hippibewegung in den 1960er Jahren kamen die Klangschalen verbreitet in den Westen.<\/p>\t\t\t\t\t\t\t\t<\/div>\n\t\t\t\t<\/div>\n\t\t\t\t\t<\/div>\n\t\t\t\t<\/div>\n\t\t<div class=\"elementor-element elementor-element-1461070 e-flex e-con-boxed e-con e-parent\" data-id=\"1461070\" data-element_type=\"container\" data-e-type=\"container\">\n\t\t\t\t\t<div class=\"e-con-inner\">\n\t\t\t\t<div class=\"elementor-element elementor-element-5427582 elementor-widget elementor-widget-image\" data-id=\"5427582\" data-element_type=\"widget\" data-e-type=\"widget\" data-widget_type=\"image.default\">\n\t\t\t\t<div class=\"elementor-widget-container\">\n\t\t\t\t\t\t\t\t\t\t\t\t<figure class=\"wp-caption\">\n\t\t\t\t\t\t\t\t\t\t<img fetchpriority=\"high\" decoding=\"async\" width=\"300\" height=\"193\" src=\"https:\/\/bluetenklang.de\/wp-content\/uploads\/2025\/04\/Herzschale-300x193.jpg\" class=\"attachment-medium size-medium wp-image-459\" alt=\"Foto einer Herzklangschale\" srcset=\"https:\/\/bluetenklang.de\/wp-content\/uploads\/2025\/04\/Herzschale-300x193.jpg 300w, https:\/\/bluetenklang.de\/wp-content\/uploads\/2025\/04\/Herzschale-1024x658.jpg 1024w, https:\/\/bluetenklang.de\/wp-content\/uploads\/2025\/04\/Herzschale-768x493.jpg 768w, https:\/\/bluetenklang.de\/wp-content\/uploads\/2025\/04\/Herzschale-1536x986.jpg 1536w, https:\/\/bluetenklang.de\/wp-content\/uploads\/2025\/04\/Herzschale.jpg 2012w\" sizes=\"(max-width: 300px) 100vw, 300px\" \/>\t\t\t\t\t\t\t\t\t\t\t<figcaption class=\"widget-image-caption wp-caption-text\">Herzklangschale (Foto: M. Schimkus)<\/figcaption>\n\t\t\t\t\t\t\t\t\t\t<\/figure>\n\t\t\t\t\t\t\t\t\t<\/div>\n\t\t\t\t<\/div>\n\t\t\t\t\t<\/div>\n\t\t\t\t<\/div>\n\t\t<div class=\"elementor-element elementor-element-dbac6ad e-flex e-con-boxed e-con e-parent\" data-id=\"dbac6ad\" data-element_type=\"container\" data-e-type=\"container\">\n\t\t\t\t\t<div class=\"e-con-inner\">\n\t\t\t\t<div class=\"elementor-element elementor-element-fdec690 elementor-widget elementor-widget-text-editor\" data-id=\"fdec690\" data-element_type=\"widget\" data-e-type=\"widget\" data-widget_type=\"text-editor.default\">\n\t\t\t\t<div class=\"elementor-widget-container\">\n\t\t\t\t\t\t\t\t\t<p>Heute gehen wir davon aus, dass die sanften und harmonischen T\u00f6ne der Klangschalen<\/p><ul><li>uns beim Entspannen und Regenerieren helfen,<\/li><li>unser Inneres ber\u00fchren,<\/li><li>unseren Geist beruhigen,<\/li><li>einen positiven Einfluss auf Lernen und Konzentration haben,<\/li><li>unsere Seele zum Schwingen bringen,<\/li><li>uns in Harmonie und Einklang bringen,<\/li><li>Verspannungen l\u00f6sen<\/li><li>unsere Selbstheilungskr\u00e4fte mobilisieren und Genesung unterst\u00fctzen,<\/li><li>sch\u00f6pferische Energien freisetzen und Kreativit\u00e4t f\u00f6rdern.<\/li><\/ul>\t\t\t\t\t\t\t\t<\/div>\n\t\t\t\t<\/div>\n\t\t\t\t\t<\/div>\n\t\t\t\t<\/div>\n\t\t<div class=\"elementor-element elementor-element-0a10959 e-flex e-con-boxed e-con e-parent\" data-id=\"0a10959\" data-element_type=\"container\" data-e-type=\"container\">\n\t\t\t\t\t<div class=\"e-con-inner\">\n\t\t\t\t<div class=\"elementor-element elementor-element-0fa3ec0 elementor-widget elementor-widget-text-editor\" data-id=\"0fa3ec0\" data-element_type=\"widget\" data-e-type=\"widget\" data-widget_type=\"text-editor.default\">\n\t\t\t\t<div class=\"elementor-widget-container\">\n\t\t\t\t\t\t\t\t\t<p>Die Klangspektren von Klangschalen \u00e4hneln der Art, wie Ungeborene im Mutterleib Ger\u00e4usche h\u00f6ren. Dies k\u00f6nnte ein Erkl\u00e4rungsansatz sein, weshalb uns diese sanften Kl\u00e4nge so schnell entspannen, Vertrauen und Geborgenheit sp\u00fcren lassen. Der \u00f6stlichen Vorstellung nach sind wir sogar aus Klang entstanden: \u201eNadabrahman\u201c.<\/p>\t\t\t\t\t\t\t\t<\/div>\n\t\t\t\t<\/div>\n\t\t\t\t\t<\/div>\n\t\t\t\t<\/div>\n\t\t<div class=\"elementor-element elementor-element-a901020 e-flex e-con-boxed e-con e-parent\" data-id=\"a901020\" data-element_type=\"container\" data-e-type=\"container\">\n\t\t\t\t\t<div class=\"e-con-inner\">\n\t\t\t\t<div class=\"elementor-element elementor-element-7f995e8 elementor-widget elementor-widget-text-editor\" data-id=\"7f995e8\" data-element_type=\"widget\" data-e-type=\"widget\" data-widget_type=\"text-editor.default\">\n\t\t\t\t<div class=\"elementor-widget-container\">\n\t\t\t\t\t\t\t\t\t<p>Es gibt Klangschalen in verschiedenen Varianten und Gr\u00f6\u00dfen. Kleine Schalen erzeugen h\u00f6here T\u00f6ne, gro\u00dfe Schalen eher tiefe und kr\u00e4ftige T\u00f6ne. D\u00fcnnwandige Schalen klingen meist etwas heller und klarer, w\u00e4hrend dickwandige Schalen etwas dumpfer und tiefer erscheinen.<\/p><p>Angeschlagen werden Klangschalen meist mit Filz ummantelten Holzkl\u00f6ppeln.<\/p><p>Mit einer speziellen Technik kann man mittels lederummantelten Holzkl\u00f6ppeln manche Klangschalen zum Singen bringen, was den Namen singing bowl erkl\u00e4rt.<\/p>\t\t\t\t\t\t\t\t<\/div>\n\t\t\t\t<\/div>\n\t\t\t\t\t<\/div>\n\t\t\t\t<\/div>\n\t\t<div class=\"elementor-element elementor-element-b02a9b2 e-flex e-con-boxed e-con e-parent\" data-id=\"b02a9b2\" data-element_type=\"container\" data-e-type=\"container\">\n\t\t\t\t\t<div class=\"e-con-inner\">\n\t\t\t\t<div class=\"elementor-element elementor-element-cc0e6e6 elementor-widget elementor-widget-image\" data-id=\"cc0e6e6\" data-element_type=\"widget\" data-e-type=\"widget\" data-widget_type=\"image.default\">\n\t\t\t\t<div class=\"elementor-widget-container\">\n\t\t\t\t\t\t\t\t\t\t\t\t<figure class=\"wp-caption\">\n\t\t\t\t\t\t\t\t\t\t<img decoding=\"async\" width=\"768\" height=\"355\" src=\"https:\/\/bluetenklang.de\/wp-content\/uploads\/2025\/04\/Kloeppel-768x355.jpg\" class=\"attachment-medium_large size-medium_large wp-image-469\" alt=\"verschiedene Kl\u00f6ppel\" srcset=\"https:\/\/bluetenklang.de\/wp-content\/uploads\/2025\/04\/Kloeppel-768x355.jpg 768w, https:\/\/bluetenklang.de\/wp-content\/uploads\/2025\/04\/Kloeppel-300x139.jpg 300w, https:\/\/bluetenklang.de\/wp-content\/uploads\/2025\/04\/Kloeppel-1024x474.jpg 1024w, https:\/\/bluetenklang.de\/wp-content\/uploads\/2025\/04\/Kloeppel-1536x710.jpg 1536w, https:\/\/bluetenklang.de\/wp-content\/uploads\/2025\/04\/Kloeppel-2048x947.jpg 2048w\" sizes=\"(max-width: 768px) 100vw, 768px\" \/>\t\t\t\t\t\t\t\t\t\t\t<figcaption class=\"widget-image-caption wp-caption-text\">verschiedene Kl\u00f6ppel (Foto: M. Schimkus)<\/figcaption>\n\t\t\t\t\t\t\t\t\t\t<\/figure>\n\t\t\t\t\t\t\t\t\t<\/div>\n\t\t\t\t<\/div>\n\t\t\t\t<div class=\"elementor-element elementor-element-cc098eb elementor-widget elementor-widget-text-editor\" data-id=\"cc098eb\" data-element_type=\"widget\" data-e-type=\"widget\" data-widget_type=\"text-editor.default\">\n\t\t\t\t<div class=\"elementor-widget-container\">\n\t\t\t\t\t\t\t\t\t<p>Die Einzelheiten zur Herstellung der traditionellen tibetischen Klangschalen sind nicht bekannt. Grob kann man die Herstellung folgenderma\u00dfen zusammenfassen:<\/p><p>Aus einer Metalllegierung, die aus bis zu 12 verschiedenen Metallen besteht, wird ein Rohling gegossen. In 20-100 Schmiedeeinheiten wird nun die gew\u00fcnschte Schalenform getrieben \u2013 ein schwei\u00dftreibendes H\u00e4mmern im richtigen Rhythmus. Zum Schlusserfolgt der Feinschliff und die Politur.<\/p><p>Inzwischen gibt es auch maschinell hergestellte Klangschalen. Diese weisen eine sehr gleichm\u00e4\u00dfige Oberfl\u00e4che auf, weshalb sie sehr klare Kl\u00e4nge haben. Allerdings fehlt den T\u00f6nen hier oft die Tiefe und das langanhaltende Klingen.<\/p>\t\t\t\t\t\t\t\t<\/div>\n\t\t\t\t<\/div>\n\t\t\t\t\t<\/div>\n\t\t\t\t<\/div>\n\t\t<div class=\"elementor-element elementor-element-b1c3803 e-flex e-con-boxed e-con e-parent\" data-id=\"b1c3803\" data-element_type=\"container\" data-e-type=\"container\">\n\t\t\t\t\t<div class=\"e-con-inner\">\n\t\t\t\t<div class=\"elementor-element elementor-element-1139cee elementor-widget elementor-widget-image\" data-id=\"1139cee\" data-element_type=\"widget\" data-e-type=\"widget\" data-widget_type=\"image.default\">\n\t\t\t\t<div class=\"elementor-widget-container\">\n\t\t\t\t\t\t\t\t\t\t\t\t<figure class=\"wp-caption\">\n\t\t\t\t\t\t\t\t\t\t<img decoding=\"async\" width=\"300\" height=\"194\" src=\"https:\/\/bluetenklang.de\/wp-content\/uploads\/2025\/03\/Beckenschale-300x194.jpg\" class=\"attachment-medium size-medium wp-image-379\" alt=\"Foto einer Beckenklangschale\" srcset=\"https:\/\/bluetenklang.de\/wp-content\/uploads\/2025\/03\/Beckenschale-300x194.jpg 300w, https:\/\/bluetenklang.de\/wp-content\/uploads\/2025\/03\/Beckenschale-1024x661.jpg 1024w, https:\/\/bluetenklang.de\/wp-content\/uploads\/2025\/03\/Beckenschale-768x496.jpg 768w, https:\/\/bluetenklang.de\/wp-content\/uploads\/2025\/03\/Beckenschale-1536x991.jpg 1536w, https:\/\/bluetenklang.de\/wp-content\/uploads\/2025\/03\/Beckenschale-2048x1321.jpg 2048w\" sizes=\"(max-width: 300px) 100vw, 300px\" \/>\t\t\t\t\t\t\t\t\t\t\t<figcaption class=\"widget-image-caption wp-caption-text\">Beckenklangschale (Foto: M. Schimkus)<\/figcaption>\n\t\t\t\t\t\t\t\t\t\t<\/figure>\n\t\t\t\t\t\t\t\t\t<\/div>\n\t\t\t\t<\/div>\n\t\t\t\t\t<\/div>\n\t\t\t\t<\/div>\n\t\t<div class=\"elementor-element elementor-element-aba208e e-flex e-con-boxed e-con e-parent\" data-id=\"aba208e\" data-element_type=\"container\" data-e-type=\"container\">\n\t\t\t\t\t<div class=\"e-con-inner\">\n\t\t\t\t<div class=\"elementor-element elementor-element-8554d87 elementor-widget elementor-widget-text-editor\" data-id=\"8554d87\" data-element_type=\"widget\" data-e-type=\"widget\" data-widget_type=\"text-editor.default\">\n\t\t\t\t<div class=\"elementor-widget-container\">\n\t\t\t\t\t\t\t\t\t<p>Dass sich Klangschalen bei uns in dem Ma\u00dfe verbreitet haben und ihre Wirkung erforscht wurde, haben wir dem deutschen Ingenieur und Berufsschullehrer Peter Hess (geb. 1941) zu verdanken. Er gilt als Pionier der Klangarbeit.<\/p><p>Als ihn 1984 ein Forschungsauftrag nach Nepal f\u00fchrte, lernte er bei rituellen Festen der Einheimischen die wichtige Rolle von Musik und Kl\u00e4ngen kennen. In einer f\u00fcr Peter Hess auf Grund eines famili\u00e4ren Krankheitsfalls nicht leichten Zeit, kam er dort in Nepal eines Tages zu der wichtigen Einsicht, dass es schwierige Situationen und Herausforderungen im Leben braucht, um zu wachsen. Gleichzeitig zu diesen pers\u00f6nlichen Erfahrungen lernte Peter Hess einen Musikforscher kennen \u2013 dies war f\u00fcr ihn die Geburtsstunde seiner Klangarbeit.<\/p><p>Er entwickelte einen speziellen Ablauf, wie unterschiedliche Klangschalen auf (und um) dem K\u00f6rper anget\u00f6nt werden &#8211; die Peter Hess\u00ae Klangmassage. Die herk\u00f6mmlichen Klangschalen wurden diesem Zweck nicht in G\u00e4nze gerecht, so baute er in Nepal eine eigene Klangschalenfertigung auf, um charakteristische Klang- und Schwingungsqualit\u00e4ten zu erreichen, welche bestimmte K\u00f6rperbereiche gut ansprechen.<\/p>\t\t\t\t\t\t\t\t<\/div>\n\t\t\t\t<\/div>\n\t\t\t\t\t<\/div>\n\t\t\t\t<\/div>\n\t\t<div class=\"elementor-element elementor-element-6a47ab7 e-flex e-con-boxed e-con e-parent\" data-id=\"6a47ab7\" data-element_type=\"container\" data-e-type=\"container\">\n\t\t\t\t\t<div class=\"e-con-inner\">\n\t\t\t\t<div class=\"elementor-element elementor-element-20790ca elementor-widget elementor-widget-text-editor\" data-id=\"20790ca\" data-element_type=\"widget\" data-e-type=\"widget\" data-widget_type=\"text-editor.default\">\n\t\t\t\t<div class=\"elementor-widget-container\">\n\t\t\t\t\t\t\t\t\t<p>Der menschliche K\u00f6rper besteht zu ca. 70% aus Wasser. Wenn Klangschalen auf unserem K\u00f6rper angeschlagen werden, versetzen ihre Schwingungen auf Grund dieses Wassergehaltes nach und nach unsere Zellen in Schwingung; Gewebe und Muskeln k\u00f6nnen quasi von innen heraus entspannen.<\/p><p>Wenn Sie zu Hause eine Klangschale haben, f\u00fcllen Sie diese gerne mal mit Wasser und schlagen Sie die gef\u00fcllte Klangschale nun mehrfach an. Sie werden schnell feststellen, wie das Wasser in Bewegung kommt.<\/p>\t\t\t\t\t\t\t\t<\/div>\n\t\t\t\t<\/div>\n\t\t\t\t\t<\/div>\n\t\t\t\t<\/div>\n\t\t<div class=\"elementor-element elementor-element-e841cd5 e-flex e-con-boxed e-con e-parent\" data-id=\"e841cd5\" data-element_type=\"container\" data-e-type=\"container\">\n\t\t\t\t\t<div class=\"e-con-inner\">\n\t\t\t\t<div class=\"elementor-element elementor-element-f4edc4d elementor-widget elementor-widget-image\" data-id=\"f4edc4d\" data-element_type=\"widget\" data-e-type=\"widget\" data-widget_type=\"image.default\">\n\t\t\t\t<div class=\"elementor-widget-container\">\n\t\t\t\t\t\t\t\t\t\t\t\t<figure class=\"wp-caption\">\n\t\t\t\t\t\t\t\t\t\t<img loading=\"lazy\" decoding=\"async\" width=\"300\" height=\"181\" src=\"https:\/\/bluetenklang.de\/wp-content\/uploads\/2025\/04\/mittlere-Klangschale-300x181.jpg\" class=\"attachment-medium size-medium wp-image-461\" alt=\"Foto einer Gelenkklangschlage bzw. Universalklangschale\" srcset=\"https:\/\/bluetenklang.de\/wp-content\/uploads\/2025\/04\/mittlere-Klangschale-300x181.jpg 300w, https:\/\/bluetenklang.de\/wp-content\/uploads\/2025\/04\/mittlere-Klangschale-1024x619.jpg 1024w, https:\/\/bluetenklang.de\/wp-content\/uploads\/2025\/04\/mittlere-Klangschale-768x464.jpg 768w, https:\/\/bluetenklang.de\/wp-content\/uploads\/2025\/04\/mittlere-Klangschale-1536x929.jpg 1536w, https:\/\/bluetenklang.de\/wp-content\/uploads\/2025\/04\/mittlere-Klangschale-2048x1238.jpg 2048w\" sizes=\"(max-width: 300px) 100vw, 300px\" \/>\t\t\t\t\t\t\t\t\t\t\t<figcaption class=\"widget-image-caption wp-caption-text\">Gelenkklangschlage bzw. Universalklangschale (Foto: M. Schimkus)<\/figcaption>\n\t\t\t\t\t\t\t\t\t\t<\/figure>\n\t\t\t\t\t\t\t\t\t<\/div>\n\t\t\t\t<\/div>\n\t\t\t\t\t<\/div>\n\t\t\t\t<\/div>\n\t\t<div class=\"elementor-element elementor-element-f7d10f3 e-flex e-con-boxed e-con e-parent\" data-id=\"f7d10f3\" data-element_type=\"container\" data-e-type=\"container\">\n\t\t\t\t\t<div class=\"e-con-inner\">\n\t\t\t\t<div class=\"elementor-element elementor-element-9003334 elementor-widget elementor-widget-text-editor\" data-id=\"9003334\" data-element_type=\"widget\" data-e-type=\"widget\" data-widget_type=\"text-editor.default\">\n\t\t\t\t<div class=\"elementor-widget-container\">\n\t\t\t\t\t\t\t\t\t<p>Die Klangmassage ist eine sanfte Massage, nach dem Leitsatz \u201eweniger ist mehr\u201c. Meist stellt sich schnell eine wohltuende und tiefe Entspannung ein.\u00a0 Trotz der Sanftheit der Klangschalen, kann es ein intensives Erlebnis sein.<\/p><p>Wir m\u00fcssen Klangschalen aber nicht unbedingt ber\u00fchren, um Entspannung erfahren zu k\u00f6nnen und unser Wohlbefinden zu st\u00e4rken; es gen\u00fcgt h\u00e4ufig einfach ihren wohltuenden Kl\u00e4ngen und Schwingungen zu lauschen.<\/p><p>Probieren Sie es gerne in meinem virtuellen Klangraum aus.<\/p>\t\t\t\t\t\t\t\t<\/div>\n\t\t\t\t<\/div>\n\t\t\t\t\t<\/div>\n\t\t\t\t<\/div>\n\t\t<div class=\"elementor-element elementor-element-1c2e81a e-flex e-con-boxed e-con e-parent\" data-id=\"1c2e81a\" data-element_type=\"container\" data-e-type=\"container\">\n\t\t\t\t\t<div class=\"e-con-inner\">\n\t\t\t\t<div class=\"elementor-element elementor-element-2508732 elementor-widget elementor-widget-heading\" data-id=\"2508732\" data-element_type=\"widget\" data-e-type=\"widget\" data-widget_type=\"heading.default\">\n\t\t\t\t<div class=\"elementor-widget-container\">\n\t\t\t\t\t<h4 class=\"elementor-heading-title elementor-size-default\">Quellen:<\/h4>\t\t\t\t<\/div>\n\t\t\t\t<\/div>\n\t\t\t\t\t<\/div>\n\t\t\t\t<\/div>\n\t\t<div class=\"elementor-element elementor-element-dba2416 e-flex e-con-boxed e-con e-parent\" data-id=\"dba2416\" data-element_type=\"container\" data-e-type=\"container\">\n\t\t\t\t\t<div class=\"e-con-inner\">\n\t\t\t\t<div class=\"elementor-element elementor-element-db1f7fe elementor-widget elementor-widget-text-editor\" data-id=\"db1f7fe\" data-element_type=\"widget\" data-e-type=\"widget\" data-widget_type=\"text-editor.default\">\n\t\t\t\t<div class=\"elementor-widget-container\">\n\t\t\t\t\t\t\t\t\t<p>Peter Hess, Kraftquelle Klang \/ 2024, internationaler Fachverband Klangmassage e.V., online:<\/p><p><a href=\"https:\/\/www.fachverband-klang.de\/wp-content\/uploads\/2024\/05\/KraftquelleKlang_FV_24.pdf\">https:\/\/www.fachverband-klang.de\/wp-content\/uploads\/2024\/05\/KraftquelleKlang_FV_24.pdf<\/a><\/p><p>Regina Lahner, Fernausbildung zum Selbststudium \u201eEntspannung mit Klangschalen\u201c, Stand 2024<\/p>\t\t\t\t\t\t\t\t<\/div>\n\t\t\t\t<\/div>\n\t\t\t\t\t<\/div>\n\t\t\t\t<\/div>\n\t\t\t\t<\/div>\n\t\t","protected":false},"excerpt":{"rendered":"<p>Klangschalen stammen aus dem fernen Osten und sind dort schon seit tausenden von Jahren bekannt. Ihre genaue Herkunft und deren urspr\u00fcngliche Verwendung ist unklar. Ziemlich gesichert \u00fcberliefert ist, dass sie als Signalgeber und auch als Vorratsgef\u00e4\u00dfe verwendet wurden. M\u00f6nche verwendeten einfachere Metallschalen als Essgeschirr. Wie genau es dazu kam, dass sie als Musikinstrumente verwendet wurden [&hellip;]<\/p>\n","protected":false},"author":1,"featured_media":0,"parent":0,"menu_order":0,"comment_status":"closed","ping_status":"closed","template":"","meta":{"ocean_post_layout":"","ocean_both_sidebars_style":"","ocean_both_sidebars_content_width":0,"ocean_both_sidebars_sidebars_width":0,"ocean_sidebar":"","ocean_second_sidebar":"","ocean_disable_margins":"enable","ocean_add_body_class":"","ocean_shortcode_before_top_bar":"","ocean_shortcode_after_top_bar":"","ocean_shortcode_before_header":"","ocean_shortcode_after_header":"","ocean_has_shortcode":"","ocean_shortcode_after_title":"","ocean_shortcode_before_footer_widgets":"","ocean_shortcode_after_footer_widgets":"","ocean_shortcode_before_footer_bottom":"","ocean_shortcode_after_footer_bottom":"","ocean_display_top_bar":"default","ocean_display_header":"default","ocean_header_style":"","ocean_center_header_left_menu":"","ocean_custom_header_template":"","ocean_custom_logo":0,"ocean_custom_retina_logo":0,"ocean_custom_logo_max_width":0,"ocean_custom_logo_tablet_max_width":0,"ocean_custom_logo_mobile_max_width":0,"ocean_custom_logo_max_height":0,"ocean_custom_logo_tablet_max_height":0,"ocean_custom_logo_mobile_max_height":0,"ocean_header_custom_menu":"","ocean_menu_typo_font_family":"","ocean_menu_typo_font_subset":"","ocean_menu_typo_font_size":0,"ocean_menu_typo_font_size_tablet":0,"ocean_menu_typo_font_size_mobile":0,"ocean_menu_typo_font_size_unit":"px","ocean_menu_typo_font_weight":"","ocean_menu_typo_font_weight_tablet":"","ocean_menu_typo_font_weight_mobile":"","ocean_menu_typo_transform":"","ocean_menu_typo_transform_tablet":"","ocean_menu_typo_transform_mobile":"","ocean_menu_typo_line_height":0,"ocean_menu_typo_line_height_tablet":0,"ocean_menu_typo_line_height_mobile":0,"ocean_menu_typo_line_height_unit":"","ocean_menu_typo_spacing":0,"ocean_menu_typo_spacing_tablet":0,"ocean_menu_typo_spacing_mobile":0,"ocean_menu_typo_spacing_unit":"","ocean_menu_link_color":"","ocean_menu_link_color_hover":"","ocean_menu_link_color_active":"","ocean_menu_link_background":"","ocean_menu_link_hover_background":"","ocean_menu_link_active_background":"","ocean_menu_social_links_bg":"","ocean_menu_social_hover_links_bg":"","ocean_menu_social_links_color":"","ocean_menu_social_hover_links_color":"","ocean_disable_title":"default","ocean_disable_heading":"default","ocean_post_title":"","ocean_post_subheading":"","ocean_post_title_style":"","ocean_post_title_background_color":"","ocean_post_title_background":0,"ocean_post_title_bg_image_position":"","ocean_post_title_bg_image_attachment":"","ocean_post_title_bg_image_repeat":"","ocean_post_title_bg_image_size":"","ocean_post_title_height":0,"ocean_post_title_bg_overlay":0.5,"ocean_post_title_bg_overlay_color":"","ocean_disable_breadcrumbs":"default","ocean_breadcrumbs_color":"","ocean_breadcrumbs_separator_color":"","ocean_breadcrumbs_links_color":"","ocean_breadcrumbs_links_hover_color":"","ocean_display_footer_widgets":"default","ocean_display_footer_bottom":"default","ocean_custom_footer_template":"","footnotes":""},"class_list":["post-457","page","type-page","status-publish","hentry","entry"],"yoast_head":"<!-- This site is optimized with the Yoast SEO plugin v27.5 - https:\/\/yoast.com\/product\/yoast-seo-wordpress\/ -->\n<title>Klangschalen - Info - Bl\u00fctenKlang<\/title>\n<meta name=\"robots\" content=\"index, follow, max-snippet:-1, max-image-preview:large, max-video-preview:-1\" \/>\n<link rel=\"canonical\" href=\"https:\/\/bluetenklang.de\/?page_id=457\" \/>\n<meta property=\"og:locale\" content=\"de_DE\" \/>\n<meta property=\"og:type\" content=\"article\" \/>\n<meta property=\"og:title\" content=\"Klangschalen - Info - Bl\u00fctenKlang\" \/>\n<meta property=\"og:description\" content=\"Klangschalen stammen aus dem fernen Osten und sind dort schon seit tausenden von Jahren bekannt. Ihre genaue Herkunft und deren urspr\u00fcngliche Verwendung ist unklar. Ziemlich gesichert \u00fcberliefert ist, dass sie als Signalgeber und auch als Vorratsgef\u00e4\u00dfe verwendet wurden. M\u00f6nche verwendeten einfachere Metallschalen als Essgeschirr. Wie genau es dazu kam, dass sie als Musikinstrumente verwendet wurden [&hellip;]\" \/>\n<meta property=\"og:url\" content=\"https:\/\/bluetenklang.de\/?page_id=457\" \/>\n<meta property=\"og:site_name\" content=\"Bl\u00fctenKlang\" \/>\n<meta property=\"article:modified_time\" content=\"2025-05-15T17:10:11+00:00\" \/>\n<meta property=\"og:image\" content=\"https:\/\/bluetenklang.de\/wp-content\/uploads\/2025\/04\/Herzschale-300x193.jpg\" \/>\n<meta name=\"twitter:card\" content=\"summary_large_image\" \/>\n<meta name=\"twitter:label1\" content=\"Gesch\u00e4tzte Lesezeit\" \/>\n\t<meta name=\"twitter:data1\" content=\"5\u00a0Minuten\" \/>\n<script type=\"application\/ld+json\" class=\"yoast-schema-graph\">{\"@context\":\"https:\\\/\\\/schema.org\",\"@graph\":[{\"@type\":\"WebPage\",\"@id\":\"https:\\\/\\\/bluetenklang.de\\\/?page_id=457\",\"url\":\"https:\\\/\\\/bluetenklang.de\\\/?page_id=457\",\"name\":\"Klangschalen - Info - Bl\u00fctenKlang\",\"isPartOf\":{\"@id\":\"https:\\\/\\\/bluetenklang.de\\\/#website\"},\"primaryImageOfPage\":{\"@id\":\"https:\\\/\\\/bluetenklang.de\\\/?page_id=457#primaryimage\"},\"image\":{\"@id\":\"https:\\\/\\\/bluetenklang.de\\\/?page_id=457#primaryimage\"},\"thumbnailUrl\":\"https:\\\/\\\/bluetenklang.de\\\/wp-content\\\/uploads\\\/2025\\\/04\\\/Herzschale-300x193.jpg\",\"datePublished\":\"2025-04-18T12:49:28+00:00\",\"dateModified\":\"2025-05-15T17:10:11+00:00\",\"breadcrumb\":{\"@id\":\"https:\\\/\\\/bluetenklang.de\\\/?page_id=457#breadcrumb\"},\"inLanguage\":\"de\",\"potentialAction\":[{\"@type\":\"ReadAction\",\"target\":[\"https:\\\/\\\/bluetenklang.de\\\/?page_id=457\"]}]},{\"@type\":\"ImageObject\",\"inLanguage\":\"de\",\"@id\":\"https:\\\/\\\/bluetenklang.de\\\/?page_id=457#primaryimage\",\"url\":\"https:\\\/\\\/bluetenklang.de\\\/wp-content\\\/uploads\\\/2025\\\/04\\\/Herzschale.jpg\",\"contentUrl\":\"https:\\\/\\\/bluetenklang.de\\\/wp-content\\\/uploads\\\/2025\\\/04\\\/Herzschale.jpg\",\"width\":2012,\"height\":1292,\"caption\":\"Foto einer Herzklangschale\"},{\"@type\":\"BreadcrumbList\",\"@id\":\"https:\\\/\\\/bluetenklang.de\\\/?page_id=457#breadcrumb\",\"itemListElement\":[{\"@type\":\"ListItem\",\"position\":1,\"name\":\"Startseite\",\"item\":\"https:\\\/\\\/bluetenklang.de\\\/\"},{\"@type\":\"ListItem\",\"position\":2,\"name\":\"Klangschalen &#8211; Info\"}]},{\"@type\":\"WebSite\",\"@id\":\"https:\\\/\\\/bluetenklang.de\\\/#website\",\"url\":\"https:\\\/\\\/bluetenklang.de\\\/\",\"name\":\"Bl\u00fctenKlang\",\"description\":\"\",\"potentialAction\":[{\"@type\":\"SearchAction\",\"target\":{\"@type\":\"EntryPoint\",\"urlTemplate\":\"https:\\\/\\\/bluetenklang.de\\\/?s={search_term_string}\"},\"query-input\":{\"@type\":\"PropertyValueSpecification\",\"valueRequired\":true,\"valueName\":\"search_term_string\"}}],\"inLanguage\":\"de\"}]}<\/script>\n<!-- \/ Yoast SEO plugin. -->","yoast_head_json":{"title":"Klangschalen - Info - Bl\u00fctenKlang","robots":{"index":"index","follow":"follow","max-snippet":"max-snippet:-1","max-image-preview":"max-image-preview:large","max-video-preview":"max-video-preview:-1"},"canonical":"https:\/\/bluetenklang.de\/?page_id=457","og_locale":"de_DE","og_type":"article","og_title":"Klangschalen - Info - Bl\u00fctenKlang","og_description":"Klangschalen stammen aus dem fernen Osten und sind dort schon seit tausenden von Jahren bekannt. Ihre genaue Herkunft und deren urspr\u00fcngliche Verwendung ist unklar. Ziemlich gesichert \u00fcberliefert ist, dass sie als Signalgeber und auch als Vorratsgef\u00e4\u00dfe verwendet wurden. M\u00f6nche verwendeten einfachere Metallschalen als Essgeschirr. Wie genau es dazu kam, dass sie als Musikinstrumente verwendet wurden [&hellip;]","og_url":"https:\/\/bluetenklang.de\/?page_id=457","og_site_name":"Bl\u00fctenKlang","article_modified_time":"2025-05-15T17:10:11+00:00","og_image":[{"url":"https:\/\/bluetenklang.de\/wp-content\/uploads\/2025\/04\/Herzschale-300x193.jpg","type":"","width":"","height":""}],"twitter_card":"summary_large_image","twitter_misc":{"Gesch\u00e4tzte Lesezeit":"5\u00a0Minuten"},"schema":{"@context":"https:\/\/schema.org","@graph":[{"@type":"WebPage","@id":"https:\/\/bluetenklang.de\/?page_id=457","url":"https:\/\/bluetenklang.de\/?page_id=457","name":"Klangschalen - Info - Bl\u00fctenKlang","isPartOf":{"@id":"https:\/\/bluetenklang.de\/#website"},"primaryImageOfPage":{"@id":"https:\/\/bluetenklang.de\/?page_id=457#primaryimage"},"image":{"@id":"https:\/\/bluetenklang.de\/?page_id=457#primaryimage"},"thumbnailUrl":"https:\/\/bluetenklang.de\/wp-content\/uploads\/2025\/04\/Herzschale-300x193.jpg","datePublished":"2025-04-18T12:49:28+00:00","dateModified":"2025-05-15T17:10:11+00:00","breadcrumb":{"@id":"https:\/\/bluetenklang.de\/?page_id=457#breadcrumb"},"inLanguage":"de","potentialAction":[{"@type":"ReadAction","target":["https:\/\/bluetenklang.de\/?page_id=457"]}]},{"@type":"ImageObject","inLanguage":"de","@id":"https:\/\/bluetenklang.de\/?page_id=457#primaryimage","url":"https:\/\/bluetenklang.de\/wp-content\/uploads\/2025\/04\/Herzschale.jpg","contentUrl":"https:\/\/bluetenklang.de\/wp-content\/uploads\/2025\/04\/Herzschale.jpg","width":2012,"height":1292,"caption":"Foto einer Herzklangschale"},{"@type":"BreadcrumbList","@id":"https:\/\/bluetenklang.de\/?page_id=457#breadcrumb","itemListElement":[{"@type":"ListItem","position":1,"name":"Startseite","item":"https:\/\/bluetenklang.de\/"},{"@type":"ListItem","position":2,"name":"Klangschalen &#8211; Info"}]},{"@type":"WebSite","@id":"https:\/\/bluetenklang.de\/#website","url":"https:\/\/bluetenklang.de\/","name":"Bl\u00fctenKlang","description":"","potentialAction":[{"@type":"SearchAction","target":{"@type":"EntryPoint","urlTemplate":"https:\/\/bluetenklang.de\/?s={search_term_string}"},"query-input":{"@type":"PropertyValueSpecification","valueRequired":true,"valueName":"search_term_string"}}],"inLanguage":"de"}]}},"_links":{"self":[{"href":"https:\/\/bluetenklang.de\/index.php?rest_route=\/wp\/v2\/pages\/457","targetHints":{"allow":["GET"]}}],"collection":[{"href":"https:\/\/bluetenklang.de\/index.php?rest_route=\/wp\/v2\/pages"}],"about":[{"href":"https:\/\/bluetenklang.de\/index.php?rest_route=\/wp\/v2\/types\/page"}],"author":[{"embeddable":true,"href":"https:\/\/bluetenklang.de\/index.php?rest_route=\/wp\/v2\/users\/1"}],"replies":[{"embeddable":true,"href":"https:\/\/bluetenklang.de\/index.php?rest_route=%2Fwp%2Fv2%2Fcomments&post=457"}],"version-history":[{"count":26,"href":"https:\/\/bluetenklang.de\/index.php?rest_route=\/wp\/v2\/pages\/457\/revisions"}],"predecessor-version":[{"id":868,"href":"https:\/\/bluetenklang.de\/index.php?rest_route=\/wp\/v2\/pages\/457\/revisions\/868"}],"wp:attachment":[{"href":"https:\/\/bluetenklang.de\/index.php?rest_route=%2Fwp%2Fv2%2Fmedia&parent=457"}],"curies":[{"name":"wp","href":"https:\/\/api.w.org\/{rel}","templated":true}]}}